{"id":391,"date":"2017-03-02T16:36:26","date_gmt":"2017-03-02T15:36:26","guid":{"rendered":"https:\/\/erzingerag.ch\/?page_id=391"},"modified":"2021-08-30T13:38:55","modified_gmt":"2021-08-30T13:38:55","slug":"multimedia-2","status":"publish","type":"page","link":"https:\/\/erzingerag.ch\/audio-video\/multimedia-2\/","title":{"rendered":"MULTIMEDIA"},"content":{"rendered":"<p><div class=\"fusion-fullwidth fullwidth-box fusion-builder-row-1 hundred-percent-fullwidth non-hundred-percent-height-scrolling\" style=\"--awb-border-radius-top-left:0px;--awb-border-radius-top-right:0px;--awb-border-radius-bottom-right:0px;--awb-border-radius-bottom-left:0px;--awb-padding-top:1px;--awb-padding-bottom:0px;--awb-background-color:#bfbfbf;--awb-flex-wrap:wrap;\" ><div class=\"fusion-builder-row fusion-row\"><\/div><\/div><div class=\"fusion-bg-parallax\" data-bg-align=\"left center\" data-direction=\"up\" data-mute=\"false\" data-opacity=\"100\" data-velocity=\"-0.3\" data-mobile-enabled=\"false\" data-break_parents=\"0\" data-bg-image=\"http:\/\/erzingerag.ch\/audio-video\/wp-content\/uploads\/sites\/6\/2017\/02\/Erzinger_Elektro_Multiroom_Netzwerk_HighEnd_Multimedia_Audio_Video_Neubau_Umbau_Strom_Stromer_Telefon_KNX_Digitalstrom_Sicherheit_Elektroinstallationen_Elektroplanung_bg1-scaled-3.jpg\" data-bg-repeat=\"false\" ><\/div><div class=\"fusion-fullwidth fullwidth-box fusion-builder-row-2 fusion-parallax-up nonhundred-percent-fullwidth non-hundred-percent-height-scrolling\" style=\"--awb-background-position:left center;--awb-border-radius-top-left:0px;--awb-border-radius-top-right:0px;--awb-border-radius-bottom-right:0px;--awb-border-radius-bottom-left:0px;--awb-padding-top:20px;--awb-padding-bottom:100px;--awb-background-image:url(&quot;http:\/\/erzingerag.ch\/audio-video\/wp-content\/uploads\/sites\/6\/2017\/02\/Erzinger_Elektro_Multiroom_Netzwerk_HighEnd_Multimedia_Audio_Video_Neubau_Umbau_Strom_Stromer_Telefon_KNX_Digitalstrom_Sicherheit_Elektroinstallationen_Elektroplanung_bg1-scaled-3.jpg&quot;);--awb-background-size:cover;--awb-flex-wrap:wrap;\" ><div class=\"fusion-builder-row fusion-row\"><div class=\"fusion-layout-column fusion_builder_column fusion-builder-column-0 fusion_builder_column_5_6 5_6 fusion-five-sixth fusion-column-first\" style=\"--awb-bg-size:cover;width:83.333333333333%;width:calc(83.333333333333% - ( ( 4% ) * 0.83333333333333 ) );margin-right: 4%;\"><div class=\"fusion-column-wrapper fusion-flex-column-wrapper-legacy\"><div class=\"fusion-text fusion-text-1\"><h1>Multimedia<\/h1>\n<div class=\"ce-textpic ce-right ce-intext\">\n<div class=\"ce-bodytext\">\n<h2>Die\u00a0Fachleute der\u00a0Erzinger Audio Video Solutions AG r\u00fcsten Konferenzr\u00e4umlichkeiten mit dem optimal geeigneten Multimedia-Equipment aus &#8211; wir installieren Smartboards, Videowalls, Projektionsfl\u00e4chen, Projektoren oder elektrische Leinw\u00e4nde, perfekt abgestimmt auf Ihren Anwendungswunsch. Wir vernetzen Ihre Konferenzr\u00e4ume und B\u00fcros und erm\u00f6glichen Videokonferenzen und Daten\u00fcbertragungen \u2013 ob auf Ihrem Laptop oder direkt am Meeting im Konferenzraum \u00fcber Grossleinwand und Headsets. Wir installieren die notwendigen IT Ger\u00e4te und bieten L\u00f6sungen mit Mikrofonen und Rednerpulten.\u00a0Steuern\u00a0Sie die Anwendungen bequem mit modernster Touch Technology.<\/h2>\n<h2>Auch in Ihrem Daheim stimmen wir die Anwendungen individuell auf Ihre Anspr\u00fcche und Ihre R\u00e4umlichkeiten ab &#8211; Computer, Digital-TV mit Video on Demand, Internetradio in verschiedenen Zimmern, Home Cinema, Verbindung von Spielkonsolen, High-Speed-Internet oder individuelle Musik in allen R\u00e4umen des Hauses. Ihr Wunsch ist unser Auftrag!<\/h2>\n<\/div>\n<\/div>\n<\/div><div class=\"fusion-clearfix\"><\/div><\/div><\/div><div class=\"fusion-layout-column fusion_builder_column fusion-builder-column-1 fusion_builder_column_1_6 1_6 fusion-one-sixth fusion-column-last\" style=\"--awb-bg-size:cover;width:16.666666666667%;width:calc(16.666666666667% - ( ( 4% ) * 0.16666666666667 ) );\"><div class=\"fusion-column-wrapper fusion-flex-column-wrapper-legacy\"><div class=\"fusion-clearfix\"><\/div><\/div><\/div><\/div><\/div><div class=\"fusion-fullwidth fullwidth-box fusion-builder-row-3 hundred-percent-fullwidth non-hundred-percent-height-scrolling\" style=\"--awb-border-radius-top-left:0px;--awb-border-radius-top-right:0px;--awb-border-radius-bottom-right:0px;--awb-border-radius-bottom-left:0px;--awb-padding-top:1px;--awb-padding-bottom:0px;--awb-background-color:#bfbfbf;--awb-flex-wrap:wrap;\" ><div class=\"fusion-builder-row fusion-row\"><\/div><\/div><div id=\"Dienstleistungen\" class=\"fusion-container-anchor\"><div class=\"fusion-bg-parallax\" data-bg-align=\"right top\" data-direction=\"up\" data-mute=\"false\" data-opacity=\"100\" data-velocity=\"-0.3\" data-mobile-enabled=\"false\" data-break_parents=\"0\" data-bg-image=\"http:\/\/erzingerag.ch\/audio-video\/wp-content\/uploads\/sites\/6\/2017\/02\/Erzinger_Elektro_Multiroom_Netzwerk_HighEnd_Multimedia_Audio_Video_Neubau_Umbau_Strom_Stromer_Telefon_KNX_Digitalstrom_Sicherheit_Elektroinstallationen_Elektroplanung_bg3-scaled-3.jpg\" data-bg-repeat=\"false\" ><\/div><div class=\"fusion-fullwidth fullwidth-box fusion-builder-row-4 fusion-parallax-up nonhundred-percent-fullwidth non-hundred-percent-height-scrolling\" style=\"--awb-background-position:right top;--awb-border-radius-top-left:0px;--awb-border-radius-top-right:0px;--awb-border-radius-bottom-right:0px;--awb-border-radius-bottom-left:0px;--awb-padding-top:75px;--awb-padding-bottom:75px;--awb-margin-top:0px;--awb-margin-bottom:0px;--awb-background-image:url(&quot;http:\/\/erzingerag.ch\/audio-video\/wp-content\/uploads\/sites\/6\/2017\/02\/Erzinger_Elektro_Multiroom_Netzwerk_HighEnd_Multimedia_Audio_Video_Neubau_Umbau_Strom_Stromer_Telefon_KNX_Digitalstrom_Sicherheit_Elektroinstallationen_Elektroplanung_bg3-scaled-3.jpg&quot;);--awb-background-size:cover;--awb-flex-wrap:wrap;\" ><div class=\"fusion-builder-row fusion-row\"><div class=\"fusion-layout-column fusion_builder_column fusion-builder-column-2 fusion_builder_column_5_6 5_6 fusion-five-sixth fusion-column-first\" style=\"--awb-bg-size:cover;width:83.333333333333%;width:calc(83.333333333333% - ( ( 4% ) * 0.83333333333333 ) );margin-right: 4%;\"><div class=\"fusion-column-wrapper fusion-flex-column-wrapper-legacy\"><div class=\"fusion-text fusion-text-2\"><h5>DIENSTLEISTUNGEN ERZINGER AUDIO VIDEO\u00a0SOLUTIONS AG<\/h5>\n<\/div><div class=\"fusion-sep-clear\"><\/div><div class=\"fusion-separator fusion-full-width-sep\" style=\"margin-left: auto;margin-right: auto;margin-bottom:10px;width:100%;\"><\/div><div class=\"fusion-sep-clear\"><\/div><div class=\"fusion-text fusion-text-3\"><p>Erzinger Elektro\u00a0Audio Video Solutions AG setzt Ihre Multimedia-W\u00fcnsche von der Planung und Konzeption bis zur Installation, Inbetriebnahme und Wartung genau nach Ihren Vorstellungen um \u2013 ob im Neubau oder im bestehenden Geb\u00e4ude, ob Privatwohnung oder Gewerbe. Unsere Experten stehen Ihnen jederzeit gerne zur Verf\u00fcgung.<\/p>\n<\/div><div class=\"fusion-clearfix\"><\/div><\/div><\/div><div class=\"fusion-layout-column fusion_builder_column fusion-builder-column-3 fusion_builder_column_1_6 1_6 fusion-one-sixth fusion-column-last\" style=\"--awb-bg-size:cover;width:16.666666666667%;width:calc(16.666666666667% - ( ( 4% ) * 0.16666666666667 ) );\"><div class=\"fusion-column-wrapper fusion-flex-column-wrapper-legacy\"><div class=\"fusion-clearfix\"><\/div><\/div><\/div><div class=\"fusion-layout-column fusion_builder_column fusion-builder-column-4 fusion_builder_column_1_3 1_3 fusion-one-third fusion-column-first\" style=\"--awb-bg-size:cover;width:33.333333333333%;width:calc(33.333333333333% - ( ( 5px + 5px ) * 0.33333333333333 ) );margin-right: 5px;\"><div class=\"fusion-column-wrapper fusion-flex-column-wrapper-legacy\"><div class=\"fusion-image-element in-legacy-container\" style=\"--awb-caption-title-font-family:var(--h2_typography-font-family);--awb-caption-title-font-weight:var(--h2_typography-font-weight);--awb-caption-title-font-style:var(--h2_typography-font-style);--awb-caption-title-size:var(--h2_typography-font-size);--awb-caption-title-transform:var(--h2_typography-text-transform);--awb-caption-title-line-height:var(--h2_typography-line-height);--awb-caption-title-letter-spacing:var(--h2_typography-letter-spacing);\"><span class=\" fusion-imageframe imageframe-none imageframe-1 hover-type-none\"><img decoding=\"async\" width=\"1024\" height=\"682\" title=\"Elektroplanung_Beratung1-1024&#215;682\" src=\"http:\/\/erzingerag.ch\/audio-video\/wp-content\/uploads\/sites\/6\/2021\/08\/Elektroplanung_Beratung1-1024x682-1.jpg\" alt class=\"img-responsive wp-image-6898\" srcset=\"https:\/\/erzingerag.ch\/audio-video\/wp-content\/uploads\/sites\/6\/2021\/08\/Elektroplanung_Beratung1-1024x682-1-200x133.jpg 200w, https:\/\/erzingerag.ch\/audio-video\/wp-content\/uploads\/sites\/6\/2021\/08\/Elektroplanung_Beratung1-1024x682-1-400x266.jpg 400w, https:\/\/erzingerag.ch\/audio-video\/wp-content\/uploads\/sites\/6\/2021\/08\/Elektroplanung_Beratung1-1024x682-1-600x400.jpg 600w, https:\/\/erzingerag.ch\/audio-video\/wp-content\/uploads\/sites\/6\/2021\/08\/Elektroplanung_Beratung1-1024x682-1-800x533.jpg 800w, https:\/\/erzingerag.ch\/audio-video\/wp-content\/uploads\/sites\/6\/2021\/08\/Elektroplanung_Beratung1-1024x682-1.jpg 1024w\" sizes=\"(max-width: 800px) 100vw, 400px\" \/><\/span><\/div><div class=\"fusion-text fusion-text-4\"><h2 data-fontsize=\"30\" data-lineheight=\"36\">Beratung<\/h2>\n<div class=\"accordian fusion-accordian\" style=\"--awb-border-size:1px;--awb-icon-size:13px;--awb-content-font-size:17px;--awb-icon-alignment:left;--awb-hover-color:#f9f9f9;--awb-border-color:#cccccc;--awb-background-color:#ffffff;--awb-divider-color:#e0dede;--awb-divider-hover-color:#e0dede;--awb-icon-color:#ffffff;--awb-title-color:#333333;--awb-content-color:#747474;--awb-icon-box-color:#333333;--awb-toggle-hover-accent-color:#0092d4;--awb-title-font-family:&quot;Roboto&quot;;--awb-title-font-weight:400;--awb-title-font-style:normal;--awb-title-font-size:16px;--awb-title-line-height:1.2;--awb-content-font-family:&quot;Roboto&quot;;--awb-content-font-style:normal;--awb-content-font-weight:400;\"><div class=\"panel-group fusion-toggle-icon-boxed\" id=\"accordion-391-1\"><div class=\"fusion-panel panel-default panel-f3ae642b74d43fde0 fusion-toggle-has-divider\"><div class=\"panel-heading\"><h4 class=\"panel-title toggle\" id=\"toggle_f3ae642b74d43fde0\"><a aria-expanded=\"false\" aria-controls=\"f3ae642b74d43fde0\" role=\"button\" data-toggle=\"collapse\" data-parent=\"#accordion-391-1\" data-target=\"#f3ae642b74d43fde0\" href=\"#f3ae642b74d43fde0\"><span class=\"fusion-toggle-icon-wrapper\" aria-hidden=\"true\"><i class=\"fa-fusion-box active-icon awb-icon-minus\" aria-hidden=\"true\"><\/i><i class=\"fa-fusion-box inactive-icon awb-icon-plus\" aria-hidden=\"true\"><\/i><\/span><span class=\"fusion-toggle-heading\">Zeit f\u00fcr unserer Kunden<\/span><\/a><\/h4><\/div><div id=\"f3ae642b74d43fde0\" class=\"panel-collapse collapse \" aria-labelledby=\"toggle_f3ae642b74d43fde0\"><div class=\"panel-body toggle-content fusion-clearfix\"><\/p>\n<p>Eine sorgf\u00e4ltige Beratung, basierend auf grosser Erfahrung\u00a0und tiefem Know-how, erleichtert die exakte, schnelle und kostentransparente Planung und Umsetzung der Projekte.\u00a0Deshalb nehmen wir uns Zeit f\u00fcr unsere Kunden. Denn wir wollen Ihre W\u00fcnsche und Vorstellungen genau verstehen.<br \/>\nOb in Ihrem Unternehmen, bei Ihnen Zuhause oder in unseren Lokalit\u00e4ten mit 5 Showrooms: Wir sind flexibel und richten uns<br \/>\nnach Ihren W\u00fcnschen. Nat\u00fcrlich auch ausserhalb der Gesch\u00e4ftszeiten.<br \/>\nAls nicht markengebundenes Unternehmen kennen wir keine Einschr\u00e4nkungen und k\u00f6nnen Ihnen eine objektive Beratung garantieren.<br \/>\nDamit finden wir f\u00fcr Sie die richtige L\u00f6sung, von der Steckdose\u00a0bis zur Videowand.<\/p>\n<p><\/div><\/div><\/div><\/div><\/div>\n<ul>\n<li>Pers\u00f6nliche Ansprechperson<\/li>\n<li>Budgetierung<\/li>\n<li>Machbarkeitsstudie<\/li>\n<\/ul>\n<\/div><div class=\"fusion-clearfix\"><\/div><\/div><\/div><div class=\"fusion-layout-column fusion_builder_column fusion-builder-column-5 fusion_builder_column_1_3 1_3 fusion-one-third\" style=\"--awb-bg-size:cover;width:33.333333333333%;width:calc(33.333333333333% - ( ( 5px + 5px ) * 0.33333333333333 ) );margin-right: 5px;\"><div class=\"fusion-column-wrapper fusion-flex-column-wrapper-legacy\"><div class=\"fusion-image-element in-legacy-container\" style=\"--awb-caption-title-font-family:var(--h2_typography-font-family);--awb-caption-title-font-weight:var(--h2_typography-font-weight);--awb-caption-title-font-style:var(--h2_typography-font-style);--awb-caption-title-size:var(--h2_typography-font-size);--awb-caption-title-transform:var(--h2_typography-text-transform);--awb-caption-title-line-height:var(--h2_typography-line-height);--awb-caption-title-letter-spacing:var(--h2_typography-letter-spacing);\"><span class=\" fusion-imageframe imageframe-none imageframe-2 hover-type-none\"><img decoding=\"async\" width=\"1024\" height=\"682\" alt=\"AV-Planung\" title=\"AV-Planung\" src=\"http:\/\/erzingerag.ch\/wp-content\/uploads\/2017\/02\/Erzinger_Elektro_Multiroom_Netzwerk_HighEnd_Multimedia_Audio_Video_Neubau_Umbau_Strom_Stromer_Telefon_KNX_Digitalstrom_Sicherheit_Elektroinstallationen_Elektroplanung_Planung-1024x682.jpg\" class=\"img-responsive wp-image-128\" srcset=\"https:\/\/erzingerag.ch\/audio-video\/wp-content\/uploads\/sites\/6\/2017\/02\/Erzinger_Elektro_Multiroom_Netzwerk_HighEnd_Multimedia_Audio_Video_Neubau_Umbau_Strom_Stromer_Telefon_KNX_Digitalstrom_Sicherheit_Elektroinstallationen_Elektroplanung_Planung-200x133.jpg 200w, https:\/\/erzingerag.ch\/audio-video\/wp-content\/uploads\/sites\/6\/2017\/02\/Erzinger_Elektro_Multiroom_Netzwerk_HighEnd_Multimedia_Audio_Video_Neubau_Umbau_Strom_Stromer_Telefon_KNX_Digitalstrom_Sicherheit_Elektroinstallationen_Elektroplanung_Planung-400x267.jpg 400w, https:\/\/erzingerag.ch\/audio-video\/wp-content\/uploads\/sites\/6\/2017\/02\/Erzinger_Elektro_Multiroom_Netzwerk_HighEnd_Multimedia_Audio_Video_Neubau_Umbau_Strom_Stromer_Telefon_KNX_Digitalstrom_Sicherheit_Elektroinstallationen_Elektroplanung_Planung-600x400.jpg 600w, https:\/\/erzingerag.ch\/audio-video\/wp-content\/uploads\/sites\/6\/2017\/02\/Erzinger_Elektro_Multiroom_Netzwerk_HighEnd_Multimedia_Audio_Video_Neubau_Umbau_Strom_Stromer_Telefon_KNX_Digitalstrom_Sicherheit_Elektroinstallationen_Elektroplanung_Planung-800x533.jpg 800w, https:\/\/erzingerag.ch\/audio-video\/wp-content\/uploads\/sites\/6\/2017\/02\/Erzinger_Elektro_Multiroom_Netzwerk_HighEnd_Multimedia_Audio_Video_Neubau_Umbau_Strom_Stromer_Telefon_KNX_Digitalstrom_Sicherheit_Elektroinstallationen_Elektroplanung_Planung-1200x800.jpg 1200w, https:\/\/erzingerag.ch\/audio-video\/wp-content\/uploads\/sites\/6\/2017\/02\/Erzinger_Elektro_Multiroom_Netzwerk_HighEnd_Multimedia_Audio_Video_Neubau_Umbau_Strom_Stromer_Telefon_KNX_Digitalstrom_Sicherheit_Elektroinstallationen_Elektroplanung_Planung.jpg 2000w\" sizes=\"(max-width: 800px) 100vw, 400px\" \/><\/span><\/div><div class=\"fusion-text fusion-text-5\"><h2 data-fontsize=\"30\" data-lineheight=\"36\">Planung<\/h2>\n<div class=\"accordian fusion-accordian\" style=\"--awb-border-size:1px;--awb-icon-size:13px;--awb-content-font-size:17px;--awb-icon-alignment:left;--awb-hover-color:#f9f9f9;--awb-border-color:#cccccc;--awb-background-color:#ffffff;--awb-divider-color:#e0dede;--awb-divider-hover-color:#e0dede;--awb-icon-color:#ffffff;--awb-title-color:#333333;--awb-content-color:#747474;--awb-icon-box-color:#333333;--awb-toggle-hover-accent-color:#0092d4;--awb-title-font-family:&quot;Roboto&quot;;--awb-title-font-weight:400;--awb-title-font-style:normal;--awb-title-font-size:16px;--awb-title-line-height:1.2;--awb-content-font-family:&quot;Roboto&quot;;--awb-content-font-style:normal;--awb-content-font-weight:400;\"><div class=\"panel-group fusion-toggle-icon-boxed\" id=\"accordion-391-2\"><div class=\"fusion-panel panel-default panel-d8811d433f5ddddfd fusion-toggle-has-divider\"><div class=\"panel-heading\"><h4 class=\"panel-title toggle\" id=\"toggle_d8811d433f5ddddfd\"><a aria-expanded=\"false\" aria-controls=\"d8811d433f5ddddfd\" role=\"button\" data-toggle=\"collapse\" data-parent=\"#accordion-391-2\" data-target=\"#d8811d433f5ddddfd\" href=\"#d8811d433f5ddddfd\"><span class=\"fusion-toggle-icon-wrapper\" aria-hidden=\"true\"><i class=\"fa-fusion-box active-icon awb-icon-minus\" aria-hidden=\"true\"><\/i><i class=\"fa-fusion-box inactive-icon awb-icon-plus\" aria-hidden=\"true\"><\/i><\/span><span class=\"fusion-toggle-heading\">Projektkoordination<\/span><\/a><\/h4><\/div><div id=\"d8811d433f5ddddfd\" class=\"panel-collapse collapse \" aria-labelledby=\"toggle_d8811d433f5ddddfd\"><div class=\"panel-body toggle-content fusion-clearfix\"><\/p>\n<p>Auf Wunsch \u00fcbernehmen wir die CAD-Planung kleinerer\u00a0Elektrowerke und die Koordination der am Projekt beteiligten Handwerker.Bauen Sie zum Beispiel Ihre K\u00fcche um und m\u00f6chten TV und Lautsprecher integrieren, \u00fcbernehmen wir die gesamte\u00a0Koordination und die Absprachen mit dem beauftragten\u00a0Schreiner oder K\u00fcchenbauer.Sie brauchen sich um nichts zu k\u00fcmmern. Wir verlegen die Leitungen, integrieren die Boxen fach- sowie designgerecht und installieren den Fernseher. Wir erledigen s\u00e4mtliche Arbeiten.<\/p>\n<p><\/div><\/div><\/div><\/div><\/div>\n<ul>\n<li>Detailplanung<\/li>\n<li>Ausf\u00fchrungsplanung<\/li>\n<li>CAD-Planung<\/li>\n<li>Statische Berechnungen<\/li>\n<li>Ausschreibungserstellung<\/li>\n<\/ul>\n<\/div><div class=\"fusion-clearfix\"><\/div><\/div><\/div><div class=\"fusion-layout-column fusion_builder_column fusion-builder-column-6 fusion_builder_column_1_3 1_3 fusion-one-third fusion-column-last\" style=\"--awb-bg-size:cover;width:33.333333333333%;width:calc(33.333333333333% - ( ( 5px + 5px ) * 0.33333333333333 ) );\"><div class=\"fusion-column-wrapper fusion-flex-column-wrapper-legacy\"><div class=\"fusion-image-element in-legacy-container\" style=\"--awb-caption-title-font-family:var(--h2_typography-font-family);--awb-caption-title-font-weight:var(--h2_typography-font-weight);--awb-caption-title-font-style:var(--h2_typography-font-style);--awb-caption-title-size:var(--h2_typography-font-size);--awb-caption-title-transform:var(--h2_typography-text-transform);--awb-caption-title-line-height:var(--h2_typography-line-height);--awb-caption-title-letter-spacing:var(--h2_typography-letter-spacing);\"><span class=\" fusion-imageframe imageframe-none imageframe-3 hover-type-none\"><img decoding=\"async\" width=\"1024\" height=\"682\" title=\"Elektroplanung_Installationen-1024&#215;682\" src=\"http:\/\/erzingerag.ch\/audio-video\/wp-content\/uploads\/sites\/6\/2021\/08\/Elektroplanung_Installationen-1024x682-1.jpg\" alt class=\"img-responsive wp-image-6899\" srcset=\"https:\/\/erzingerag.ch\/audio-video\/wp-content\/uploads\/sites\/6\/2021\/08\/Elektroplanung_Installationen-1024x682-1-200x133.jpg 200w, https:\/\/erzingerag.ch\/audio-video\/wp-content\/uploads\/sites\/6\/2021\/08\/Elektroplanung_Installationen-1024x682-1-400x266.jpg 400w, https:\/\/erzingerag.ch\/audio-video\/wp-content\/uploads\/sites\/6\/2021\/08\/Elektroplanung_Installationen-1024x682-1-600x400.jpg 600w, https:\/\/erzingerag.ch\/audio-video\/wp-content\/uploads\/sites\/6\/2021\/08\/Elektroplanung_Installationen-1024x682-1-800x533.jpg 800w, https:\/\/erzingerag.ch\/audio-video\/wp-content\/uploads\/sites\/6\/2021\/08\/Elektroplanung_Installationen-1024x682-1.jpg 1024w\" sizes=\"(max-width: 800px) 100vw, 400px\" \/><\/span><\/div><div class=\"fusion-text fusion-text-6\"><h2 data-fontsize=\"30\" data-lineheight=\"36\">Ausf\u00fchrung<\/h2>\n<div class=\"accordian fusion-accordian\" style=\"--awb-border-size:1px;--awb-icon-size:13px;--awb-content-font-size:17px;--awb-icon-alignment:left;--awb-hover-color:#f9f9f9;--awb-border-color:#cccccc;--awb-background-color:#ffffff;--awb-divider-color:#e0dede;--awb-divider-hover-color:#e0dede;--awb-icon-color:#ffffff;--awb-title-color:#333333;--awb-content-color:#747474;--awb-icon-box-color:#333333;--awb-toggle-hover-accent-color:#0092d4;--awb-title-font-family:&quot;Roboto&quot;;--awb-title-font-weight:400;--awb-title-font-style:normal;--awb-title-font-size:16px;--awb-title-line-height:1.2;--awb-content-font-family:&quot;Roboto&quot;;--awb-content-font-style:normal;--awb-content-font-weight:400;\"><div class=\"panel-group fusion-toggle-icon-boxed\" id=\"accordion-391-3\"><div class=\"fusion-panel panel-default panel-e9ccd96643831c062 fusion-toggle-has-divider\"><div class=\"panel-heading\"><h4 class=\"panel-title toggle\" id=\"toggle_e9ccd96643831c062\"><a aria-expanded=\"false\" aria-controls=\"e9ccd96643831c062\" role=\"button\" data-toggle=\"collapse\" data-parent=\"#accordion-391-3\" data-target=\"#e9ccd96643831c062\" href=\"#e9ccd96643831c062\"><span class=\"fusion-toggle-icon-wrapper\" aria-hidden=\"true\"><i class=\"fa-fusion-box active-icon awb-icon-minus\" aria-hidden=\"true\"><\/i><i class=\"fa-fusion-box inactive-icon awb-icon-plus\" aria-hidden=\"true\"><\/i><\/span><span class=\"fusion-toggle-heading\">langj\u00e4hrige Erfahrung<\/span><\/a><\/h4><\/div><div id=\"e9ccd96643831c062\" class=\"panel-collapse collapse \" aria-labelledby=\"toggle_e9ccd96643831c062\"><div class=\"panel-body toggle-content fusion-clearfix\"><\/p>\n<p>Bei uns sind Sie gut aufgehoben. Wir verf\u00fcgen \u00fcber langj\u00e4hrige Erfahrung von kleinen bis zu sehr grossen Projekten im privaten Bereich, \u00f6ffentlichen Bauten, Firmeninstallationen und ganzen \u00dcberbauungen.\u00a0Als erstes Unternehmen im Kanton Zug haben wir s\u00e4mtliche Elektroarbeiten f\u00fcr ein Hochhaus von der Planung bis zur Abgabe realisiert.\u00a0Wir wissen wovon wir sprechen und \u00fcbernehmen auf Wunsch auch die Koordination der am Projekt beteiligten Handwerker.<\/p>\n<p><\/div><\/div><\/div><\/div><\/div>\n<ul>\n<li>Technische Leitung<\/li>\n<li>Terminplanug<\/li>\n<li>Organisation<\/li>\n<li>Installation<\/li>\n<li>Inbetriebnahme<\/li>\n<li>Kontrolle<\/li>\n<li><\/li>\n<\/ul>\n<\/div><div class=\"fusion-clearfix\"><\/div><\/div><\/div><\/div><\/div><\/div><div class=\"fusion-fullwidth fullwidth-box fusion-builder-row-5 hundred-percent-fullwidth non-hundred-percent-height-scrolling\" style=\"--awb-border-radius-top-left:0px;--awb-border-radius-top-right:0px;--awb-border-radius-bottom-right:0px;--awb-border-radius-bottom-left:0px;--awb-padding-top:1px;--awb-padding-bottom:0px;--awb-background-color:#bfbfbf;--awb-flex-wrap:wrap;\" ><div class=\"fusion-builder-row fusion-row\"><\/div><\/div><div id=\"TATIGKEITSBEREICH\" class=\"fusion-container-anchor\"><div class=\"fusion-bg-parallax\" data-bg-align=\"left top\" data-direction=\"up\" data-mute=\"false\" data-opacity=\"100\" data-velocity=\"-0.3\" data-mobile-enabled=\"false\" data-break_parents=\"0\" data-bg-image=\"http:\/\/erzingerag.ch\/audio-video\/wp-content\/uploads\/sites\/6\/2017\/02\/Erzinger_Elektro_Multiroom_Netzwerk_HighEnd_Multimedia_Audio_Video_Neubau_Umbau_Strom_Stromer_Telefon_KNX_Digitalstrom_Sicherheit_Elektroinstallationen_Elektroplanung_bg1-scaled-3.jpg\" data-bg-repeat=\"false\" ><\/div><div class=\"fusion-fullwidth fullwidth-box fusion-builder-row-6 fusion-parallax-up nonhundred-percent-fullwidth non-hundred-percent-height-scrolling\" style=\"--awb-background-position:left top;--awb-border-radius-top-left:0px;--awb-border-radius-top-right:0px;--awb-border-radius-bottom-right:0px;--awb-border-radius-bottom-left:0px;--awb-padding-top:75px;--awb-padding-bottom:75px;--awb-margin-top:0px;--awb-margin-bottom:0px;--awb-background-image:url(&quot;http:\/\/erzingerag.ch\/audio-video\/wp-content\/uploads\/sites\/6\/2017\/02\/Erzinger_Elektro_Multiroom_Netzwerk_HighEnd_Multimedia_Audio_Video_Neubau_Umbau_Strom_Stromer_Telefon_KNX_Digitalstrom_Sicherheit_Elektroinstallationen_Elektroplanung_bg1-scaled-3.jpg&quot;);--awb-background-size:cover;--awb-flex-wrap:wrap;\" ><div class=\"fusion-builder-row fusion-row\"><div class=\"fusion-layout-column fusion_builder_column fusion-builder-column-7 fusion_builder_column_2_3 2_3 fusion-two-third fusion-column-first\" style=\"--awb-bg-size:cover;width:66.666666666667%;width:calc(66.666666666667% - ( ( 4% ) * 0.66666666666667 ) );margin-right: 4%;\"><div class=\"fusion-column-wrapper fusion-flex-column-wrapper-legacy\"><div class=\"fusion-text fusion-text-7\"><h5>T\u00c4TIKEITSBEREICH\u00a0ERZINGER AUDIO VIDEO SOLUTIONS AG<\/h5>\n<\/div><div class=\"fusion-sep-clear\"><\/div><div class=\"fusion-separator fusion-full-width-sep\" style=\"margin-left: auto;margin-right: auto;margin-bottom:10px;width:100%;\"><\/div><div class=\"fusion-sep-clear\"><\/div><div class=\"fusion-text fusion-text-8\"><h2>Auf unsere langj\u00e4hrige Erfahrung d\u00fcrfen Sie sich verlassen \u2013 von kleinen bis zu grossen Projekten sind wir zuverl\u00e4ssige Partner f\u00fcr Ihre W\u00fcnsche im Bereich Multimedia. Im privaten Bereich genauso wie bei \u00f6ffentlichen Bauten.<\/h2>\n<ul>\n<li>Konferenzr\u00e4ume<\/li>\n<li>Schulen<\/li>\n<li>B\u00fcros<\/li>\n<\/ul>\n<\/div><div class=\"fusion-clearfix\"><\/div><\/div><\/div><div class=\"fusion-layout-column fusion_builder_column fusion-builder-column-8 fusion_builder_column_1_3 1_3 fusion-one-third fusion-column-last\" style=\"--awb-bg-size:cover;width:33.333333333333%;width:calc(33.333333333333% - ( ( 4% ) * 0.33333333333333 ) );\"><div class=\"fusion-column-wrapper fusion-flex-column-wrapper-legacy\"><div class=\"fusion-text fusion-text-9\"><h5>IHR ANSPRECHPARTNER<\/h5>\n<\/div><div class=\"fusion-sep-clear\"><\/div><div class=\"fusion-separator fusion-full-width-sep\" style=\"margin-left: auto;margin-right: auto;margin-bottom:10px;width:100%;\"><\/div><div class=\"fusion-sep-clear\"><\/div><div class=\"fusion-person person fusion-person-left fusion-person-1 fusion-person-icon-top\" style=\"--awb-pic-style-color:#000000;--awb-pic-borderradius:0px;--awb-margin-top:0px;--awb-margin-right:0px;--awb-margin-bottom:0px;--awb-margin-left:0px;--awb-social-box-border-top:0px;--awb-social-box-border-right:0px;--awb-social-box-border-bottom:0px;--awb-social-box-border-left:0px;--awb-social-box-border-color:var(--awb-color3);--awb-social-box-border-color-hover:var(--awb-color4);--awb-social-box-colors-hover:rgba(232,232,232,0.8);--awb-social-icon-boxed-colors:#e8e8e8;--awb-social-icon-colors:#bebdbd;--awb-social-icon-colors-hover:rgba(190,189,189,0.8);\"><div class=\"person-shortcode-image-wrapper\"><div class=\"person-image-container hover-type-zoomin\" style=\"border:0px solid #f6f6f6;-webkit-border-radius:0px;-moz-border-radius:0px;border-radius:0px;\"><img decoding=\"async\" class=\"person-img img-responsive\" src=\"http:\/\/erzingerag.ch\/audio-video\/wp-content\/uploads\/sites\/6\/2017\/02\/Erzinger_Elektro_Multiroom_Netzwerk_HighEnd_Multimedia_Audio_Video_Neubau_Umbau_Strom_Stromer_Telefon_KNX_Digitalstrom_Sicherheit_Elektroinstallationen_Elektroplanung_portrait_ThomasErzinger-2.jpg\" alt=\"Thomas Erzinger\" \/><\/div><\/div><div class=\"person-desc\"><div class=\"person-author\"><div class=\"person-author-wrapper\"><span class=\"person-name\">Thomas Erzinger<\/span><span class=\"person-title\">Gesch\u00e4ftsf\u00fchrer<\/span><\/div><div class=\"fusion-social-networks\"><div class=\"fusion-social-networks-wrapper\"><a class=\"fusion-social-network-icon fusion-tooltip fusion-mail awb-icon-mail custom\" aria-label=\"fusion-mail\" href=\"mailto:&#097;&#110;frag&#101;&#064;&#101;r&#122;in&#103;era&#103;.c&#104;\" target=\"_self\" style=\"color:#bebdbd;font-size:16px;\" data-placement=\"top\" data-title=\"Mail\" title=\"Mail\" data-toggle=\"tooltip\"><\/a><\/div><\/div><\/div><div class=\"person-content fusion-clearfix\">\nTel. 041 768 00 00<br \/>\nFax 041 768 00 01<\/div><\/div><\/div><div class=\"fusion-clearfix\"><\/div><\/div><\/div><\/div><\/div><\/div><div class=\"fusion-fullwidth fullwidth-box fusion-builder-row-7 hundred-percent-fullwidth non-hundred-percent-height-scrolling\" style=\"--awb-border-radius-top-left:0px;--awb-border-radius-top-right:0px;--awb-border-radius-bottom-right:0px;--awb-border-radius-bottom-left:0px;--awb-padding-top:1px;--awb-padding-bottom:0px;--awb-background-color:#bfbfbf;--awb-flex-wrap:wrap;\" ><div class=\"fusion-builder-row fusion-row\"><\/div><\/div><div id=\"Refernenzen\" class=\"fusion-container-anchor\"><div class=\"fusion-bg-parallax\" data-bg-align=\"left center\" data-direction=\"up\" data-mute=\"false\" data-opacity=\"100\" data-velocity=\"-0.3\" data-mobile-enabled=\"false\" data-break_parents=\"0\" data-bg-image=\"http:\/\/erzingerag.ch\/audio-video\/wp-content\/uploads\/sites\/6\/2017\/02\/Erzinger_Elektro_Multiroom_Netzwerk_HighEnd_Multimedia_Audio_Video_Neubau_Umbau_Strom_Stromer_Telefon_KNX_Digitalstrom_Sicherheit_Elektroinstallationen_Elektroplanung_bg2-scaled-3.jpg\" data-bg-repeat=\"false\" ><\/div><div class=\"fusion-fullwidth fullwidth-box fusion-builder-row-8 fusion-parallax-up nonhundred-percent-fullwidth non-hundred-percent-height-scrolling\" style=\"--awb-background-position:left center;--awb-border-radius-top-left:0px;--awb-border-radius-top-right:0px;--awb-border-radius-bottom-right:0px;--awb-border-radius-bottom-left:0px;--awb-padding-top:75px;--awb-padding-bottom:75px;--awb-background-image:url(&quot;http:\/\/erzingerag.ch\/audio-video\/wp-content\/uploads\/sites\/6\/2017\/02\/Erzinger_Elektro_Multiroom_Netzwerk_HighEnd_Multimedia_Audio_Video_Neubau_Umbau_Strom_Stromer_Telefon_KNX_Digitalstrom_Sicherheit_Elektroinstallationen_Elektroplanung_bg2-scaled-3.jpg&quot;);--awb-background-size:cover;--awb-flex-wrap:wrap;\" ><div class=\"fusion-builder-row fusion-row\"><div class=\"fusion-layout-column fusion_builder_column fusion-builder-column-9 fusion_builder_column_1_1 1_1 fusion-one-full fusion-column-first fusion-column-last\" style=\"--awb-bg-size:cover;\"><div class=\"fusion-column-wrapper fusion-flex-column-wrapper-legacy\"><div class=\"fusion-text fusion-text-10\"><p>REFERENZEN MULTIMEDIA<\/p>\n<\/div><div class=\"fusion-sep-clear\"><\/div><div class=\"fusion-separator fusion-full-width-sep\" style=\"margin-left: auto;margin-right: auto;margin-bottom:10px;width:100%;\"><\/div><div class=\"fusion-sep-clear\"><\/div><div class=\"fusion-recent-works fusion-portfolio-element fusion-portfolio fusion-portfolio-1 fusion-portfolio-grid fusion-portfolio-paging-none fusion-portfolio-four fusion-portfolio-no_text fusion-portfolio-rollover fusion-animated\" data-id=\"-rw-1\" data-columns=\"four\" data-animationType=\"zoomInLeft\" data-animationDuration=\"0.3\" data-animationOffset=\"top-into-view\"><style type=\"text\/css\">.fusion-portfolio-1 .fusion-portfolio-wrapper .fusion-col-spacing{padding:2.5px;}<\/style><div class=\"fusion-portfolio-wrapper\" id=\"fusion-portfolio-1\" data-picturesize=\"fixed\" data-pages=\"4\" style=\"margin:-2.5px;\"><article id=\"portfolio-1-post-838\" class=\"fusion-portfolio-post beschallung gebaeudeautomation konferenzraeume multimedia fusion-col-spacing post-838\"><div class=\"fusion-portfolio-content-wrapper\" style=\"border:none;\"><span class=\"entry-title rich-snippet-hidden\">Konferenzr\u00e4ume | Baar<\/span><span class=\"vcard rich-snippet-hidden\"><span class=\"fn\"><a href=\"https:\/\/erzingerag.ch\/audio-video\/author\/toolmaster\/\" title=\"Beitr\u00e4ge von Toolmaster\" rel=\"author\">Toolmaster<\/a><\/span><\/span><span class=\"updated rich-snippet-hidden\">2018-06-15T17:06:52+00:00<\/span><div  class=\"fusion-image-wrapper fusion-image-size-fixed\" aria-haspopup=\"true\">\n\t\t\t\t<img decoding=\"async\" width=\"300\" height=\"214\" src=\"https:\/\/erzingerag.ch\/audio-video\/wp-content\/uploads\/sites\/6\/2018\/06\/2-300x214.jpg\" class=\"attachment-portfolio-three size-portfolio-three wp-post-image\" alt=\"Smart Home - Home Cinema\" \/><div class=\"fusion-rollover\">\n\t<div class=\"fusion-rollover-content\">\n\n\t\t\t\t\t\t\t\t\t\t\t\t\t\t<a class=\"fusion-rollover-link\" href=\"https:\/\/erzingerag.ch\/audio-video\/portfolio-items\/konferenzraeume-beisheim\/?portfolioCats=24\">Konferenzr\u00e4ume | Baar<\/a>\n\t\t\t\n\t\t\t\t\t\t\t\t\n\t\t\n\t\t\t\t\t\t\t\t\t\t\t\t<h4 class=\"fusion-rollover-title\">\n\t\t\t\t\t<a class=\"fusion-rollover-title-link\" href=\"https:\/\/erzingerag.ch\/audio-video\/portfolio-items\/konferenzraeume-beisheim\/?portfolioCats=24\">\n\t\t\t\t\t\tKonferenzr\u00e4ume | Baar\t\t\t\t\t<\/a>\n\t\t\t\t<\/h4>\n\t\t\t\n\t\t\t\t\t\t\t\t\n\t\t\n\t\t\t\t\t\t<a class=\"fusion-link-wrapper\" href=\"https:\/\/erzingerag.ch\/audio-video\/portfolio-items\/konferenzraeume-beisheim\/?portfolioCats=24\" aria-label=\"Konferenzr\u00e4ume | Baar\"><\/a>\n\t<\/div>\n<\/div>\n<\/div>\n<\/div><\/article><article id=\"portfolio-1-post-672\" class=\"fusion-portfolio-post gebaeudeautomation multimedia multiroom fusion-col-spacing post-672\"><div class=\"fusion-portfolio-content-wrapper\" style=\"border:none;\"><span class=\"entry-title rich-snippet-hidden\">Wohnhaus | Davos<\/span><span class=\"vcard rich-snippet-hidden\"><span class=\"fn\"><a href=\"https:\/\/erzingerag.ch\/audio-video\/author\/toolmaster\/\" title=\"Beitr\u00e4ge von Toolmaster\" rel=\"author\">Toolmaster<\/a><\/span><\/span><span class=\"updated rich-snippet-hidden\">2017-08-21T16:29:43+00:00<\/span><div  class=\"fusion-image-wrapper fusion-image-size-fixed\" aria-haspopup=\"true\">\n\t\t\t\t<img decoding=\"async\" width=\"300\" height=\"214\" src=\"https:\/\/erzingerag.ch\/audio-video\/wp-content\/uploads\/sites\/6\/2017\/06\/davos-300x214.jpg\" class=\"attachment-portfolio-three size-portfolio-three wp-post-image\" alt=\"Davos\" \/><div class=\"fusion-rollover\">\n\t<div class=\"fusion-rollover-content\">\n\n\t\t\t\t\t\t\t\t\t\t\t\t\t\t<a class=\"fusion-rollover-link\" href=\"https:\/\/erzingerag.ch\/audio-video\/portfolio-items\/wohnhaus-weggis-2\/?portfolioCats=24\">Wohnhaus | Davos<\/a>\n\t\t\t\n\t\t\t\t\t\t\t\t\n\t\t\n\t\t\t\t\t\t\t\t\t\t\t\t<h4 class=\"fusion-rollover-title\">\n\t\t\t\t\t<a class=\"fusion-rollover-title-link\" href=\"https:\/\/erzingerag.ch\/audio-video\/portfolio-items\/wohnhaus-weggis-2\/?portfolioCats=24\">\n\t\t\t\t\t\tWohnhaus | Davos\t\t\t\t\t<\/a>\n\t\t\t\t<\/h4>\n\t\t\t\n\t\t\t\t\t\t\t\t\n\t\t\n\t\t\t\t\t\t<a class=\"fusion-link-wrapper\" href=\"https:\/\/erzingerag.ch\/audio-video\/portfolio-items\/wohnhaus-weggis-2\/?portfolioCats=24\" aria-label=\"Wohnhaus | Davos\"><\/a>\n\t<\/div>\n<\/div>\n<\/div>\n<\/div><\/article><article id=\"portfolio-1-post-624\" class=\"fusion-portfolio-post elektro-installationen gebaeudeautomation multimedia multiroom fusion-col-spacing post-624\"><div class=\"fusion-portfolio-content-wrapper\" style=\"border:none;\"><span class=\"entry-title rich-snippet-hidden\">Wohnhaus | Weggis<\/span><span class=\"vcard rich-snippet-hidden\"><span class=\"fn\"><a href=\"https:\/\/erzingerag.ch\/audio-video\/author\/toolmaster\/\" title=\"Beitr\u00e4ge von Toolmaster\" rel=\"author\">Toolmaster<\/a><\/span><\/span><span class=\"updated rich-snippet-hidden\">2017-06-02T10:42:05+00:00<\/span><div  class=\"fusion-image-wrapper fusion-image-size-fixed\" aria-haspopup=\"true\">\n\t\t\t\t<img decoding=\"async\" width=\"300\" height=\"214\" src=\"https:\/\/erzingerag.ch\/audio-video\/wp-content\/uploads\/sites\/6\/2017\/06\/Weggis-300x214.jpg\" class=\"attachment-portfolio-three size-portfolio-three wp-post-image\" alt=\"Smart Home\" \/><div class=\"fusion-rollover\">\n\t<div class=\"fusion-rollover-content\">\n\n\t\t\t\t\t\t\t\t\t\t\t\t\t\t<a class=\"fusion-rollover-link\" href=\"https:\/\/erzingerag.ch\/audio-video\/portfolio-items\/wohnhaus-weggis\/?portfolioCats=24\">Wohnhaus | Weggis<\/a>\n\t\t\t\n\t\t\t\t\t\t\t\t\n\t\t\n\t\t\t\t\t\t\t\t\t\t\t\t<h4 class=\"fusion-rollover-title\">\n\t\t\t\t\t<a class=\"fusion-rollover-title-link\" href=\"https:\/\/erzingerag.ch\/audio-video\/portfolio-items\/wohnhaus-weggis\/?portfolioCats=24\">\n\t\t\t\t\t\tWohnhaus | Weggis\t\t\t\t\t<\/a>\n\t\t\t\t<\/h4>\n\t\t\t\n\t\t\t\t\t\t\t\t\n\t\t\n\t\t\t\t\t\t<a class=\"fusion-link-wrapper\" href=\"https:\/\/erzingerag.ch\/audio-video\/portfolio-items\/wohnhaus-weggis\/?portfolioCats=24\" aria-label=\"Wohnhaus | Weggis\"><\/a>\n\t<\/div>\n<\/div>\n<\/div>\n<\/div><\/article><article id=\"portfolio-1-post-620\" class=\"fusion-portfolio-post elektro-installationen gebaeudeautomation it-telematik multimedia fusion-col-spacing post-620\"><div class=\"fusion-portfolio-content-wrapper\" style=\"border:none;\"><span class=\"entry-title rich-snippet-hidden\">Privathaus | Oberwil<\/span><span class=\"vcard rich-snippet-hidden\"><span class=\"fn\"><a href=\"https:\/\/erzingerag.ch\/audio-video\/author\/toolmaster\/\" title=\"Beitr\u00e4ge von Toolmaster\" rel=\"author\">Toolmaster<\/a><\/span><\/span><span class=\"updated rich-snippet-hidden\">2017-06-02T10:35:00+00:00<\/span><div  class=\"fusion-image-wrapper fusion-image-size-fixed\" aria-haspopup=\"true\">\n\t\t\t\t<img decoding=\"async\" width=\"300\" height=\"214\" src=\"https:\/\/erzingerag.ch\/audio-video\/wp-content\/uploads\/sites\/6\/2017\/06\/Popovic2-300x214.jpg\" class=\"attachment-portfolio-three size-portfolio-three wp-post-image\" alt=\"Geb\u00e4udeautomation\" \/><div class=\"fusion-rollover\">\n\t<div class=\"fusion-rollover-content\">\n\n\t\t\t\t\t\t\t\t\t\t\t\t\t\t<a class=\"fusion-rollover-link\" href=\"https:\/\/erzingerag.ch\/audio-video\/portfolio-items\/privathaus-oberwil\/?portfolioCats=24\">Privathaus | Oberwil<\/a>\n\t\t\t\n\t\t\t\t\t\t\t\t\n\t\t\n\t\t\t\t\t\t\t\t\t\t\t\t<h4 class=\"fusion-rollover-title\">\n\t\t\t\t\t<a class=\"fusion-rollover-title-link\" href=\"https:\/\/erzingerag.ch\/audio-video\/portfolio-items\/privathaus-oberwil\/?portfolioCats=24\">\n\t\t\t\t\t\tPrivathaus | Oberwil\t\t\t\t\t<\/a>\n\t\t\t\t<\/h4>\n\t\t\t\n\t\t\t\t\t\t\t\t\n\t\t\n\t\t\t\t\t\t<a class=\"fusion-link-wrapper\" href=\"https:\/\/erzingerag.ch\/audio-video\/portfolio-items\/privathaus-oberwil\/?portfolioCats=24\" aria-label=\"Privathaus | Oberwil\"><\/a>\n\t<\/div>\n<\/div>\n<\/div>\n<\/div><\/article><\/div><\/div><div class=\"fusion-clearfix\"><\/div><\/div><\/div><\/div><\/div><\/div><\/p>\n","protected":false},"excerpt":{"rendered":"","protected":false},"author":4,"featured_media":0,"parent":0,"menu_order":0,"comment_status":"closed","ping_status":"closed","template":"100-width.php","meta":{"footnotes":""},"class_list":["post-391","page","type-page","status-publish","hentry"],"_links":{"self":[{"href":"https:\/\/erzingerag.ch\/audio-video\/wp-json\/wp\/v2\/pages\/391","targetHints":{"allow":["GET"]}}],"collection":[{"href":"https:\/\/erzingerag.ch\/audio-video\/wp-json\/wp\/v2\/pages"}],"about":[{"href":"https:\/\/erzingerag.ch\/audio-video\/wp-json\/wp\/v2\/types\/page"}],"author":[{"embeddable":true,"href":"https:\/\/erzingerag.ch\/audio-video\/wp-json\/wp\/v2\/users\/4"}],"replies":[{"embeddable":true,"href":"https:\/\/erzingerag.ch\/audio-video\/wp-json\/wp\/v2\/comments?post=391"}],"version-history":[{"count":1,"href":"https:\/\/erzingerag.ch\/audio-video\/wp-json\/wp\/v2\/pages\/391\/revisions"}],"predecessor-version":[{"id":6900,"href":"https:\/\/erzingerag.ch\/audio-video\/wp-json\/wp\/v2\/pages\/391\/revisions\/6900"}],"wp:attachment":[{"href":"https:\/\/erzingerag.ch\/audio-video\/wp-json\/wp\/v2\/media?parent=391"}],"curies":[{"name":"wp","href":"https:\/\/api.w.org\/{rel}","templated":true}]}}